{"id":213,"date":"2018-04-12T12:42:10","date_gmt":"2018-04-12T10:42:10","guid":{"rendered":"https:\/\/eeclectic.de\/?post_type=product&#038;p=213"},"modified":"2023-10-06T13:35:40","modified_gmt":"2023-10-06T11:35:40","slug":"marx-engels-forum-ja","status":"publish","type":"product","link":"https:\/\/eeclectic.de\/en\/produkt\/marx-engels-forum-ja\/","title":{"rendered":"Marx-Engels-Forum \u2013 JA!"},"content":{"rendered":"<p>Marx-Engels-Forum \u2013 YES!<\/p>\n<p>On 4 April 2016, around forty people gathered to commemorate the 30th anniversary of the founding of the Marx-Engels-Forum in Berlin Mitte. Most of them had attended the site\u2019s dedication in 1986\u2014the lived history of a place whose meaning has consistently been denied.<\/p>\n<p>In the 1950s and 60s the site was earmarked for a high-rise tower for the East German government yet this never materialized. Then in 1973 plans were laid\u2014and ultimately realized\u2014for a forum in the form of a public park. After 1989 the park remained unchanged or possibly was even forgotten.<\/p>\n<p>Today, there are two opposing camps: on the one hand those who advocate an exact reconstruction of the city\u2019s ground plan as it looked here in medieval times\u2014almost as if the historicism driving the reconstruction of the palace on the far bank of the Spree has proved contagious; and on the other, the \u2018modernists,\u2019 who are committed to preserving and further developing the last vestiges of East German Modernist architecture and urban planning.<\/p>\n<p>Located as it is between the television tower and the future Humboldt Forum, the Marx-Engels-Forum is a place of commemoration par excellence. It has been closed to the public since 2010 owing to work to extend the subway line U5, but is set to enjoy a new lease of life as an urban recreation zone by 2019. This publication illustrates and puts up for debate both the history of the site and the recurrent negotiations regarding its use, including those of 2015 in which the public was invited to participate. How might an open space\u2014since, YES, that\u2019s what is all about\u2014be preserved at a prime downtown location and configured such as to accommodate continually changing uses?<\/p>\n<p>If freedom is to be a feature of the appropriation of the forum then freedom must be inscribed in the very design of this urban public space, from its inception. And what better solution therefore, than to base its development on the physical presence of various sculptural ensembles? After all, the sculptures were there first\u2014and not only those of Marx and Engels!<\/p>","protected":false},"excerpt":{"rendered":"<p>#3 \/ On the history of the Marx-Engels-Forum<\/p>\n","protected":false},"featured_media":865,"template":"","meta":{"inline_featured_image":false,"site-sidebar-layout":"default","site-content-layout":"default","ast-site-content-layout":"","site-content-style":"default","site-sidebar-style":"default","ast-global-header-display":"","ast-banner-title-visibility":"","ast-main-header-display":"","ast-hfb-above-header-display":"","ast-hfb-below-header-display":"","ast-hfb-mobile-header-display":"","site-post-title":"","ast-breadcrumbs-content":"","ast-featured-img":"","footer-sml-layout":"","theme-transparent-header-meta":"default","adv-header-id-meta":"","stick-header-meta":"default","header-above-stick-meta":"","header-main-stick-meta":"","header-below-stick-meta":"","astra-migrate-meta-layouts":"default","ast-page-background-enabled":"default","ast-page-background-meta":{"desktop":{"background-color":"var(--ast-global-color-4)","background-image":"","background-repeat":"repeat","background-position":"center center","background-size":"auto","background-attachment":"scroll","background-type":"","background-media":"","overlay-type":"","overlay-color":"","overlay-opacity":"","overlay-gradient":""},"tablet":{"background-color":"","background-image":"","background-repeat":"repeat","background-position":"center center","background-size":"auto","background-attachment":"scroll","background-type":"","background-media":"","overlay-type":"","overlay-color":"","overlay-opacity":"","overlay-gradient":""},"mobile":{"background-color":"","background-image":"","background-repeat":"repeat","background-position":"center center","background-size":"auto","background-attachment":"scroll","background-type":"","background-media":"","overlay-type":"","overlay-color":"","overlay-opacity":"","overlay-gradient":""}},"ast-content-background-meta":{"desktop":{"background-color":"var(--ast-global-color-5)","background-image":"","background-repeat":"repeat","background-position":"center center","background-size":"auto","background-attachment":"scroll","background-type":"","background-media":"","overlay-type":"","overlay-color":"","overlay-opacity":"","overlay-gradient":""},"tablet":{"background-color":"var(--ast-global-color-5)","background-image":"","background-repeat":"repeat","background-position":"center center","background-size":"auto","background-attachment":"scroll","background-type":"","background-media":"","overlay-type":"","overlay-color":"","overlay-opacity":"","overlay-gradient":""},"mobile":{"background-color":"var(--ast-global-color-5)","background-image":"","background-repeat":"repeat","background-position":"center center","background-size":"auto","background-attachment":"scroll","background-type":"","background-media":"","overlay-type":"","overlay-color":"","overlay-opacity":"","overlay-gradient":""}}},"product_brand":[],"product_cat":[275,273,61,67],"product_tag":[113,84,114,112,69,68,110,218],"class_list":{"0":"post-213","1":"product","2":"type-product","3":"status-publish","4":"has-post-thumbnail","6":"writers-erik-goengrich","7":"reihe-berliner-hefte","8":"product_cat-gesellschaft","9":"product_cat-zeichnung","10":"product_cat-stadt","11":"product_cat-kunst","12":"product_tag-architektur","13":"product_tag-berlin","14":"product_tag-buergerbeteiligung","15":"product_tag-ddr","16":"product_tag-politics","17":"product_tag-city","18":"product_tag-stadtentwicklung","19":"product_tag-zeichnung","20":"desktop-align-left","21":"tablet-align-left","22":"mobile-align-left","23":"ast-product-gallery-layout-horizontal-slider","24":"ast-magnify-disabled","25":"ast-product-single-variable","26":"ast-product-tabs-layout-horizontal","28":"first","29":"instock","30":"taxable","31":"shipping-taxable","32":"purchasable","33":"product-type-variable","34":"has-default-attributes"},"acf":[],"yoast_head":"<!-- This site is optimized with the Yoast SEO plugin v25.3 - https:\/\/yoast.com\/wordpress\/plugins\/seo\/ -->\n<title>Marx-Engels-Forum \u2013 JA! &#8211; EECLECTIC<\/title>\n<meta name=\"description\" content=\"Das Marx-Engels-Forum ist ein Erinnerungsort par excellence zwischen Fernsehturm und zuk\u00fcnftigem Humboldt-Forum. Dieser soll ab 2019 als st\u00e4dtischer Gr\u00fcnraum aufgewertet werden. Wie l\u00e4sst sich ein offenes Gel\u00e4nde an dieser zentralen Stelle erhalten?\" \/>\n<meta name=\"robots\" content=\"index, follow, max-snippet:-1, max-image-preview:large, max-video-preview:-1\" \/>\n<link rel=\"canonical\" href=\"https:\/\/eeclectic.de\/en\/produkt\/marx-engels-forum-ja\/\" \/>\n<meta property=\"og:locale\" content=\"en_US\" \/>\n<meta property=\"og:type\" content=\"article\" \/>\n<meta property=\"og:title\" content=\"Marx-Engels-Forum \u2013 JA! &#8211; EECLECTIC\" \/>\n<meta property=\"og:description\" content=\"Das Marx-Engels-Forum ist ein Erinnerungsort par excellence zwischen Fernsehturm und zuk\u00fcnftigem Humboldt-Forum. Dieser soll ab 2019 als st\u00e4dtischer Gr\u00fcnraum aufgewertet werden. Wie l\u00e4sst sich ein offenes Gel\u00e4nde an dieser zentralen Stelle erhalten?\" \/>\n<meta property=\"og:url\" content=\"https:\/\/eeclectic.de\/en\/produkt\/marx-engels-forum-ja\/\" \/>\n<meta property=\"og:site_name\" content=\"EECLECTIC\" \/>\n<meta property=\"article:modified_time\" content=\"2023-10-06T11:35:40+00:00\" \/>\n<meta property=\"og:image\" content=\"https:\/\/eeclectic.de\/wp-content\/uploads\/2018\/02\/cover-berlinerhefte3.jpg\" \/>\n\t<meta property=\"og:image:width\" content=\"768\" \/>\n\t<meta property=\"og:image:height\" content=\"1084\" \/>\n\t<meta property=\"og:image:type\" content=\"image\/jpeg\" \/>\n<meta name=\"twitter:card\" content=\"summary_large_image\" \/>\n<meta name=\"twitter:label1\" content=\"Est. reading time\" \/>\n\t<meta name=\"twitter:data1\" content=\"2 minutes\" \/>\n<script type=\"application\/ld+json\" class=\"yoast-schema-graph\">{\"@context\":\"https:\/\/schema.org\",\"@graph\":[{\"@type\":\"WebPage\",\"@id\":\"https:\/\/eeclectic.de\/en\/produkt\/marx-engels-forum-ja\/\",\"url\":\"https:\/\/eeclectic.de\/en\/produkt\/marx-engels-forum-ja\/\",\"name\":\"Marx-Engels-Forum \u2013 JA! &#8211; EECLECTIC\",\"isPartOf\":{\"@id\":\"https:\/\/eeclectic.de\/en\/#website\"},\"primaryImageOfPage\":{\"@id\":\"https:\/\/eeclectic.de\/en\/produkt\/marx-engels-forum-ja\/#primaryimage\"},\"image\":{\"@id\":\"https:\/\/eeclectic.de\/produkt\/marx-engels-forum-ja\/#primaryimage\"},\"thumbnailUrl\":\"https:\/\/eeclectic.de\/wp-content\/uploads\/2018\/02\/cover-berlinerhefte3.jpg\",\"datePublished\":\"2018-04-12T10:42:10+00:00\",\"dateModified\":\"2023-10-06T11:35:40+00:00\",\"description\":\"Das Marx-Engels-Forum ist ein Erinnerungsort par excellence zwischen Fernsehturm und zuk\u00fcnftigem Humboldt-Forum. Dieser soll ab 2019 als st\u00e4dtischer Gr\u00fcnraum aufgewertet werden. Wie l\u00e4sst sich ein offenes Gel\u00e4nde an dieser zentralen Stelle erhalten?\",\"breadcrumb\":{\"@id\":\"https:\/\/eeclectic.de\/en\/produkt\/marx-engels-forum-ja\/#breadcrumb\"},\"inLanguage\":\"en-US\",\"potentialAction\":[{\"@type\":\"ReadAction\",\"target\":[[\"https:\/\/eeclectic.de\/en\/produkt\/marx-engels-forum-ja\/\"]]}]},{\"@type\":\"ImageObject\",\"inLanguage\":\"en-US\",\"@id\":\"https:\/\/eeclectic.de\/en\/produkt\/marx-engels-forum-ja\/#primaryimage\",\"url\":\"https:\/\/eeclectic.de\/wp-content\/uploads\/2018\/02\/cover-berlinerhefte3.jpg\",\"contentUrl\":\"https:\/\/eeclectic.de\/wp-content\/uploads\/2018\/02\/cover-berlinerhefte3.jpg\",\"width\":768,\"height\":1084,\"caption\":\"cover-berlinerhefte3\"},{\"@type\":\"BreadcrumbList\",\"@id\":\"https:\/\/eeclectic.de\/en\/produkt\/marx-engels-forum-ja\/#breadcrumb\",\"itemListElement\":[{\"@type\":\"ListItem\",\"position\":1,\"name\":\"Home\",\"item\":\"https:\/\/eeclectic.de\/en\/\"},{\"@type\":\"ListItem\",\"position\":2,\"name\":\"Publikationen\",\"item\":\"https:\/\/eeclectic.de\/en\/publikationen\/\"},{\"@type\":\"ListItem\",\"position\":3,\"name\":\"Marx-Engels-Forum \u2013 JA!\"}]},{\"@type\":\"WebSite\",\"@id\":\"https:\/\/eeclectic.de\/en\/#website\",\"url\":\"https:\/\/eeclectic.de\/en\/\",\"name\":\"EECLECTIC\",\"description\":\"Digital Publishing for Visual Culture\",\"publisher\":{\"@id\":\"https:\/\/eeclectic.de\/en\/#organization\"},\"potentialAction\":[{\"@type\":\"SearchAction\",\"target\":{\"@type\":\"EntryPoint\",\"urlTemplate\":\"https:\/\/eeclectic.de\/en\/?s={search_term_string}\"},\"query-input\":{\"@type\":\"PropertyValueSpecification\",\"valueRequired\":true,\"valueName\":\"search_term_string\"}}],\"inLanguage\":\"en-US\"},{\"@type\":\"Organization\",\"@id\":\"https:\/\/eeclectic.de\/en\/#organization\",\"name\":\"EECLECTIC\",\"url\":\"https:\/\/eeclectic.de\/en\/\",\"logo\":{\"@type\":\"ImageObject\",\"inLanguage\":\"en-US\",\"@id\":\"https:\/\/eeclectic.de\/en\/#\/schema\/logo\/image\/\",\"url\":\"https:\/\/eeclectic.de\/wp-content\/uploads\/2018\/03\/ee-logo.svg\",\"contentUrl\":\"https:\/\/eeclectic.de\/wp-content\/uploads\/2018\/03\/ee-logo.svg\",\"caption\":\"EECLECTIC\"},\"image\":{\"@id\":\"https:\/\/eeclectic.de\/en\/#\/schema\/logo\/image\/\"}}]}<\/script>\n<!-- \/ Yoast SEO plugin. -->","yoast_head_json":{"title":"Marx-Engels-Forum \u2013 JA! &#8211; EECLECTIC","description":"Das Marx-Engels-Forum ist ein Erinnerungsort par excellence zwischen Fernsehturm und zuk\u00fcnftigem Humboldt-Forum. Dieser soll ab 2019 als st\u00e4dtischer Gr\u00fcnraum aufgewertet werden. Wie l\u00e4sst sich ein offenes Gel\u00e4nde an dieser zentralen Stelle erhalten?","robots":{"index":"index","follow":"follow","max-snippet":"max-snippet:-1","max-image-preview":"max-image-preview:large","max-video-preview":"max-video-preview:-1"},"canonical":"https:\/\/eeclectic.de\/en\/produkt\/marx-engels-forum-ja\/","og_locale":"en_US","og_type":"article","og_title":"Marx-Engels-Forum \u2013 JA! &#8211; EECLECTIC","og_description":"Das Marx-Engels-Forum ist ein Erinnerungsort par excellence zwischen Fernsehturm und zuk\u00fcnftigem Humboldt-Forum. Dieser soll ab 2019 als st\u00e4dtischer Gr\u00fcnraum aufgewertet werden. Wie l\u00e4sst sich ein offenes Gel\u00e4nde an dieser zentralen Stelle erhalten?","og_url":"https:\/\/eeclectic.de\/en\/produkt\/marx-engels-forum-ja\/","og_site_name":"EECLECTIC","article_modified_time":"2023-10-06T11:35:40+00:00","og_image":[{"width":768,"height":1084,"url":"https:\/\/eeclectic.de\/wp-content\/uploads\/2018\/02\/cover-berlinerhefte3.jpg","type":"image\/jpeg"}],"twitter_card":"summary_large_image","twitter_misc":{"Est. reading time":"2 minutes"},"schema":{"@context":"https:\/\/schema.org","@graph":[{"@type":"WebPage","@id":"https:\/\/eeclectic.de\/en\/produkt\/marx-engels-forum-ja\/","url":"https:\/\/eeclectic.de\/en\/produkt\/marx-engels-forum-ja\/","name":"Marx-Engels-Forum \u2013 JA! &#8211; EECLECTIC","isPartOf":{"@id":"https:\/\/eeclectic.de\/en\/#website"},"primaryImageOfPage":{"@id":"https:\/\/eeclectic.de\/en\/produkt\/marx-engels-forum-ja\/#primaryimage"},"image":{"@id":"https:\/\/eeclectic.de\/produkt\/marx-engels-forum-ja\/#primaryimage"},"thumbnailUrl":"https:\/\/eeclectic.de\/wp-content\/uploads\/2018\/02\/cover-berlinerhefte3.jpg","datePublished":"2018-04-12T10:42:10+00:00","dateModified":"2023-10-06T11:35:40+00:00","description":"Das Marx-Engels-Forum ist ein Erinnerungsort par excellence zwischen Fernsehturm und zuk\u00fcnftigem Humboldt-Forum. Dieser soll ab 2019 als st\u00e4dtischer Gr\u00fcnraum aufgewertet werden. Wie l\u00e4sst sich ein offenes Gel\u00e4nde an dieser zentralen Stelle erhalten?","breadcrumb":{"@id":"https:\/\/eeclectic.de\/en\/produkt\/marx-engels-forum-ja\/#breadcrumb"},"inLanguage":"en-US","potentialAction":[{"@type":"ReadAction","target":[["https:\/\/eeclectic.de\/en\/produkt\/marx-engels-forum-ja\/"]]}]},{"@type":"ImageObject","inLanguage":"en-US","@id":"https:\/\/eeclectic.de\/en\/produkt\/marx-engels-forum-ja\/#primaryimage","url":"https:\/\/eeclectic.de\/wp-content\/uploads\/2018\/02\/cover-berlinerhefte3.jpg","contentUrl":"https:\/\/eeclectic.de\/wp-content\/uploads\/2018\/02\/cover-berlinerhefte3.jpg","width":768,"height":1084,"caption":"cover-berlinerhefte3"},{"@type":"BreadcrumbList","@id":"https:\/\/eeclectic.de\/en\/produkt\/marx-engels-forum-ja\/#breadcrumb","itemListElement":[{"@type":"ListItem","position":1,"name":"Home","item":"https:\/\/eeclectic.de\/en\/"},{"@type":"ListItem","position":2,"name":"Publikationen","item":"https:\/\/eeclectic.de\/en\/publikationen\/"},{"@type":"ListItem","position":3,"name":"Marx-Engels-Forum \u2013 JA!"}]},{"@type":"WebSite","@id":"https:\/\/eeclectic.de\/en\/#website","url":"https:\/\/eeclectic.de\/en\/","name":"EECLECTIC","description":"Digital Publishing for Visual Culture","publisher":{"@id":"https:\/\/eeclectic.de\/en\/#organization"},"potentialAction":[{"@type":"SearchAction","target":{"@type":"EntryPoint","urlTemplate":"https:\/\/eeclectic.de\/en\/?s={search_term_string}"},"query-input":{"@type":"PropertyValueSpecification","valueRequired":true,"valueName":"search_term_string"}}],"inLanguage":"en-US"},{"@type":"Organization","@id":"https:\/\/eeclectic.de\/en\/#organization","name":"EECLECTIC","url":"https:\/\/eeclectic.de\/en\/","logo":{"@type":"ImageObject","inLanguage":"en-US","@id":"https:\/\/eeclectic.de\/en\/#\/schema\/logo\/image\/","url":"https:\/\/eeclectic.de\/wp-content\/uploads\/2018\/03\/ee-logo.svg","contentUrl":"https:\/\/eeclectic.de\/wp-content\/uploads\/2018\/03\/ee-logo.svg","caption":"EECLECTIC"},"image":{"@id":"https:\/\/eeclectic.de\/en\/#\/schema\/logo\/image\/"}}]}},"_links":{"self":[{"href":"https:\/\/eeclectic.de\/en\/wp-json\/wp\/v2\/product\/213","targetHints":{"allow":["GET"]}}],"collection":[{"href":"https:\/\/eeclectic.de\/en\/wp-json\/wp\/v2\/product"}],"about":[{"href":"https:\/\/eeclectic.de\/en\/wp-json\/wp\/v2\/types\/product"}],"wp:featuredmedia":[{"embeddable":true,"href":"https:\/\/eeclectic.de\/en\/wp-json\/wp\/v2\/media\/865"}],"wp:attachment":[{"href":"https:\/\/eeclectic.de\/en\/wp-json\/wp\/v2\/media?parent=213"}],"wp:term":[{"taxonomy":"product_brand","embeddable":true,"href":"https:\/\/eeclectic.de\/en\/wp-json\/wp\/v2\/product_brand?post=213"},{"taxonomy":"product_cat","embeddable":true,"href":"https:\/\/eeclectic.de\/en\/wp-json\/wp\/v2\/product_cat?post=213"},{"taxonomy":"product_tag","embeddable":true,"href":"https:\/\/eeclectic.de\/en\/wp-json\/wp\/v2\/product_tag?post=213"}],"curies":[{"name":"wp","href":"https:\/\/api.w.org\/{rel}","templated":true}]}}